{"id":4659,"date":"2026-03-09T07:14:13","date_gmt":"2026-03-09T11:14:13","guid":{"rendered":"https:\/\/www.colegionlc.cl\/?page_id=4659"},"modified":"2026-03-18T09:28:29","modified_gmt":"2026-03-18T13:28:29","slug":"horarios-de-curso-2026","status":"publish","type":"page","link":"https:\/\/www.colegionlc.cl\/?page_id=4659","title":{"rendered":"Horarios de Curso"},"content":{"rendered":"\t\t<div data-elementor-type=\"wp-page\" data-elementor-id=\"4659\" class=\"elementor elementor-4659\" data-elementor-post-type=\"page\">\n\t\t\t\t\t\t<section class=\"has_ae_slider elementor-section elementor-top-section elementor-element elementor-element-289e672a elementor-section-boxed elementor-section-height-default elementor-section-height-default ae-bg-gallery-type-default\" data-id=\"289e672a\" data-element_type=\"section\">\n\t\t\t\t\t\t<div class=\"elementor-container elementor-column-gap-default\">\n\t\t\t\t\t<div class=\"has_ae_slider elementor-column elementor-col-50 elementor-top-column elementor-element elementor-element-25927185 ae-bg-gallery-type-default\" data-id=\"25927185\" data-element_type=\"column\">\n\t\t\t<div class=\"elementor-widget-wrap elementor-element-populated\">\n\t\t\t\t\t\t<div class=\"elementor-element elementor-element-6daba71f elementor-widget elementor-widget-theme-post-title elementor-page-title elementor-widget-heading\" data-id=\"6daba71f\" data-element_type=\"widget\" data-widget_type=\"theme-post-title.default\">\n\t\t\t\t<div class=\"elementor-widget-container\">\n\t\t\t\t\t<h2 class=\"elementor-heading-title elementor-size-medium\">Horarios de Curso<\/h2>\t\t\t\t<\/div>\n\t\t\t\t<\/div>\n\t\t\t\t<div class=\"elementor-element elementor-element-41ffbe30 elementor-widget elementor-widget-text-editor\" data-id=\"41ffbe30\" data-element_type=\"widget\" data-widget_type=\"text-editor.default\">\n\t\t\t\t<div class=\"elementor-widget-container\">\n\t\t\t\t\t\t\t\t\t<p>Estimados\/as padres, madres y\/o apoderados\/as: Junto con saludar y esperando que se encuentren bien, compartimos con ustedes los horarios de clases que comienzan a regir a partir del d\u00eda lunes 9 de marzo, los que fueron presentados a los y las estudiantes el d\u00eda viernes 6 de marzo.<\/p><p>En el archivo adjunto tambi\u00e9n se detalla el plan de estudio, profesor o profesora que imparte cada asignatura y correo respectivo.<\/p><p>Reiteramos que el horario de salida a partir del d\u00eda lunes 9 es normal seg\u00fan se detalla en cada uno de los horarios.<\/p><p>Les deseamos un excelente a\u00f1o acad\u00e9mico 2026.<\/p><p>Saludos Cordiales,\u00a0<br \/>Coordinaci\u00f3n T\u00e9cnica.<\/p><p><a href=\"https:\/\/www.colegionlc.cl\/wp-content\/uploads\/2026\/03\/1o-BASICO.pdf\" target=\"_blank\" rel=\"noopener\">1\u00ba B\u00c1SICO<\/a> <br \/><a href=\"https:\/\/www.colegionlc.cl\/wp-content\/uploads\/2026\/03\/2o-BASICO.pdf\" target=\"_blank\" rel=\"noopener\">2\u00ba B\u00c1SICO<\/a><br \/><a href=\"https:\/\/www.colegionlc.cl\/wp-content\/uploads\/2026\/03\/3o-BASICO.pdf\" target=\"_blank\" rel=\"noopener\">3\u00ba B\u00c1SICO<\/a> <br \/><a href=\"https:\/\/www.colegionlc.cl\/wp-content\/uploads\/2026\/03\/4o-BASICO.pdf\" target=\"_blank\" rel=\"noopener\">4\u00ba B\u00c1SICO<\/a><br \/><a href=\"https:\/\/www.colegionlc.cl\/wp-content\/uploads\/2026\/03\/5o-BASICO.pdf\" target=\"_blank\" rel=\"noopener\">5\u00ba B\u00c1SICO<\/a><br \/><a href=\"https:\/\/www.colegionlc.cl\/wp-content\/uploads\/2026\/03\/6o-BASICO.pdf\" target=\"_blank\" rel=\"noopener\">6\u00ba B\u00c1SICO<\/a><br \/><a href=\"https:\/\/www.colegionlc.cl\/wp-content\/uploads\/2026\/03\/7o-BASICO.pdf\" target=\"_blank\" rel=\"noopener\">7\u00ba B\u00c1SICO<\/a> <br \/><a href=\"https:\/\/www.colegionlc.cl\/wp-content\/uploads\/2026\/01\/8o-BASICO.pdf\" target=\"_blank\" rel=\"noopener\">8\u00ba B\u00c1SICO<\/a><br \/><a href=\"https:\/\/www.colegionlc.cl\/wp-content\/uploads\/2026\/03\/Io-MEDIO-A.pdf\" target=\"_blank\" rel=\"noopener\">I\u00ba MEDIO A<\/a><br \/><a href=\"https:\/\/www.colegionlc.cl\/wp-content\/uploads\/2026\/03\/Io-MEDIO-B.pdf\" target=\"_blank\" rel=\"noopener\">I\u00ba MEDIO B<\/a> <br \/><a href=\"https:\/\/www.colegionlc.cl\/wp-content\/uploads\/2026\/03\/IIo-MEDIO-A.pdf\" target=\"_blank\" rel=\"noopener\">II\u00ba MEDIO A<\/a><br \/><a href=\"https:\/\/www.colegionlc.cl\/wp-content\/uploads\/2026\/03\/IIo-MEDIO-B.pdf\">II\u00ba MEDIO B<\/a><br \/><a href=\"https:\/\/www.colegionlc.cl\/wp-content\/uploads\/2026\/03\/IIIo-MEDIO-A.pdf\" target=\"_blank\" rel=\"noopener\">III\u00ba MEDIO A<\/a><br \/><a href=\"https:\/\/www.colegionlc.cl\/wp-content\/uploads\/2026\/03\/IIIo-MEDIO-B.pdf\" target=\"_blank\" rel=\"noopener\">III\u00ba MEDIO B<\/a> <br \/><a href=\"https:\/\/www.colegionlc.cl\/wp-content\/uploads\/2026\/03\/IVo-MEDIO-A.pdf\" target=\"_blank\" rel=\"noopener\">IV\u00ba MEDIO A<\/a> <br \/><a href=\"https:\/\/www.colegionlc.cl\/wp-content\/uploads\/2026\/03\/IVo-MEDIO-B.pdf\" target=\"_blank\" rel=\"noopener\">IV\u00ba MEDIO B<\/a><\/p>\t\t\t\t\t\t\t\t<\/div>\n\t\t\t\t<\/div>\n\t\t\t\t\t<\/div>\n\t\t<\/div>\n\t\t\t\t<div class=\"has_ae_slider elementor-column elementor-col-50 elementor-top-column elementor-element elementor-element-245ff27c ae-bg-gallery-type-default\" data-id=\"245ff27c\" data-element_type=\"column\">\n\t\t\t<div class=\"elementor-widget-wrap elementor-element-populated\">\n\t\t\t\t\t\t<div class=\"elementor-element elementor-element-304533d5 elementor-widget elementor-widget-image\" data-id=\"304533d5\" data-element_type=\"widget\" data-widget_type=\"image.default\">\n\t\t\t\t<div class=\"elementor-widget-container\">\n\t\t\t\t\t\t\t\t\t\t\t\t\t\t\t<img fetchpriority=\"high\" decoding=\"async\" width=\"300\" height=\"175\" src=\"https:\/\/www.colegionlc.cl\/wp-content\/uploads\/2022\/04\/reloj-300x175.jpg\" class=\"attachment-medium size-medium wp-image-3090\" alt=\"\" srcset=\"https:\/\/www.colegionlc.cl\/wp-content\/uploads\/2022\/04\/reloj-300x175.jpg 300w, https:\/\/www.colegionlc.cl\/wp-content\/uploads\/2022\/04\/reloj-500x292.jpg 500w, https:\/\/www.colegionlc.cl\/wp-content\/uploads\/2022\/04\/reloj.jpg 600w\" sizes=\"(max-width: 300px) 100vw, 300px\" \/>\t\t\t\t\t\t\t\t\t\t\t\t\t\t\t<\/div>\n\t\t\t\t<\/div>\n\t\t\t\t\t<\/div>\n\t\t<\/div>\n\t\t\t\t\t<\/div>\n\t\t<\/section>\n\t\t\t\t<\/div>\n\t\t","protected":false},"excerpt":{"rendered":"<p>Estimados\/as padres, madres y\/o apoderados\/as: Junto con saludar y esperando que se encuentren bien, compartimos con ustedes los horarios de clases que comienzan a regir a partir del d\u00eda lunes 9 de marzo, los que fueron presentados a los y las estudiantes el d\u00eda viernes 6 de marzo. En el archivo adjunto tambi\u00e9n se detalla [&hellip;]<\/p>\n","protected":false},"author":2,"featured_media":3090,"parent":0,"menu_order":0,"comment_status":"closed","ping_status":"closed","template":"","meta":{"site-sidebar-layout":"no-sidebar","site-content-layout":"page-builder","ast-site-content-layout":"full-width-container","site-content-style":"default","site-sidebar-style":"default","ast-global-header-display":"","ast-banner-title-visibility":"","ast-main-header-display":"","ast-hfb-above-header-display":"","ast-hfb-below-header-display":"","ast-hfb-mobile-header-display":"","site-post-title":"","ast-breadcrumbs-content":"","ast-featured-img":"disabled","footer-sml-layout":"","ast-disable-related-posts":"","theme-transparent-header-meta":"","adv-header-id-meta":"","stick-header-meta":"","header-above-stick-meta":"","header-main-stick-meta":"","header-below-stick-meta":"","astra-migrate-meta-layouts":"set","ast-page-background-enabled":"default","ast-page-background-meta":{"desktop":{"background-color":"","background-image":"","background-repeat":"repeat","background-position":"center center","background-size":"auto","background-attachment":"scroll","background-type":"","background-media":"","overlay-type":"","overlay-color":"","overlay-opacity":"","overlay-gradient":""},"tablet":{"background-color":"","background-image":"","background-repeat":"repeat","background-position":"center center","background-size":"auto","background-attachment":"scroll","background-type":"","background-media":"","overlay-type":"","overlay-color":"","overlay-opacity":"","overlay-gradient":""},"mobile":{"background-color":"","background-image":"","background-repeat":"repeat","background-position":"center center","background-size":"auto","background-attachment":"scroll","background-type":"","background-media":"","overlay-type":"","overlay-color":"","overlay-opacity":"","overlay-gradient":""}},"ast-content-background-meta":{"desktop":{"background-color":"var(--ast-global-color-5)","background-image":"","background-repeat":"repeat","background-position":"center center","background-size":"auto","background-attachment":"scroll","background-type":"","background-media":"","overlay-type":"","overlay-color":"","overlay-opacity":"","overlay-gradient":""},"tablet":{"background-color":"var(--ast-global-color-5)","background-image":"","background-repeat":"repeat","background-position":"center center","background-size":"auto","background-attachment":"scroll","background-type":"","background-media":"","overlay-type":"","overlay-color":"","overlay-opacity":"","overlay-gradient":""},"mobile":{"background-color":"var(--ast-global-color-5)","background-image":"","background-repeat":"repeat","background-position":"center center","background-size":"auto","background-attachment":"scroll","background-type":"","background-media":"","overlay-type":"","overlay-color":"","overlay-opacity":"","overlay-gradient":""}},"footnotes":""},"categories":[33],"tags":[],"class_list":["post-4659","page","type-page","status-publish","has-post-thumbnail","hentry","category-portada-nlc"],"_links":{"self":[{"href":"https:\/\/www.colegionlc.cl\/index.php?rest_route=\/wp\/v2\/pages\/4659","targetHints":{"allow":["GET"]}}],"collection":[{"href":"https:\/\/www.colegionlc.cl\/index.php?rest_route=\/wp\/v2\/pages"}],"about":[{"href":"https:\/\/www.colegionlc.cl\/index.php?rest_route=\/wp\/v2\/types\/page"}],"author":[{"embeddable":true,"href":"https:\/\/www.colegionlc.cl\/index.php?rest_route=\/wp\/v2\/users\/2"}],"replies":[{"embeddable":true,"href":"https:\/\/www.colegionlc.cl\/index.php?rest_route=%2Fwp%2Fv2%2Fcomments&post=4659"}],"version-history":[{"count":8,"href":"https:\/\/www.colegionlc.cl\/index.php?rest_route=\/wp\/v2\/pages\/4659\/revisions"}],"predecessor-version":[{"id":4696,"href":"https:\/\/www.colegionlc.cl\/index.php?rest_route=\/wp\/v2\/pages\/4659\/revisions\/4696"}],"wp:featuredmedia":[{"embeddable":true,"href":"https:\/\/www.colegionlc.cl\/index.php?rest_route=\/wp\/v2\/media\/3090"}],"wp:attachment":[{"href":"https:\/\/www.colegionlc.cl\/index.php?rest_route=%2Fwp%2Fv2%2Fmedia&parent=4659"}],"wp:term":[{"taxonomy":"category","embeddable":true,"href":"https:\/\/www.colegionlc.cl\/index.php?rest_route=%2Fwp%2Fv2%2Fcategories&post=4659"},{"taxonomy":"post_tag","embeddable":true,"href":"https:\/\/www.colegionlc.cl\/index.php?rest_route=%2Fwp%2Fv2%2Ftags&post=4659"}],"curies":[{"name":"wp","href":"https:\/\/api.w.org\/{rel}","templated":true}]}}